{"id":113,"date":"2016-04-21T07:13:30","date_gmt":"2016-04-21T07:13:30","guid":{"rendered":"http:\/\/parcindustrialnordcarei.ro\/?page_id=113"},"modified":"2016-04-21T07:13:30","modified_gmt":"2016-04-21T07:13:30","slug":"istoric","status":"publish","type":"page","link":"http:\/\/parcindustrialnordcarei.ro\/en\/istoric\/","title":{"rendered":"Istoric"},"content":{"rendered":"<p><a href=\"http:\/\/parcindustrialnordcarei.ro\/wp-content\/uploads\/2016\/04\/Carei03.jpg\"><img loading=\"lazy\" decoding=\"async\" class=\"alignleft size-medium wp-image-114\" src=\"http:\/\/parcindustrialnordcarei.ro\/wp-content\/uploads\/2016\/04\/Carei03-300x194.jpg\" alt=\"Carei03\" width=\"300\" height=\"194\" srcset=\"http:\/\/parcindustrialnordcarei.ro\/wp-content\/uploads\/2016\/04\/Carei03-300x194.jpg 300w, http:\/\/parcindustrialnordcarei.ro\/wp-content\/uploads\/2016\/04\/Carei03.jpg 605w\" sizes=\"auto, (max-width: 300px) 100vw, 300px\" \/><\/a>Numele ora\u0219ului (<i>villa Karul<\/i>) apare \u00eentr-un document datat din <a title=\"1320\" href=\"https:\/\/ro.wikipedia.org\/wiki\/1320\">1320<\/a>, dar \u00eentemeierea localit\u0103\u021bii este anterioar\u0103 acestei date. \u00cen secolul al XIV-lea localitatea era o a\u0219ezare mic\u0103, cu c\u00e2teva str\u0103du\u021be, casele \u021b\u0103ranilor fiind f\u0103cute din chirpici \u0219i acoperite cu trestie, \u00een jurul domeniului familiei K\u00e1rolyi. La sf\u00e2r\u0219itul sec. al XVIII-lea \u00een ora\u0219 existau urm\u0103toarele cartiere: Cartierul Meseria\u0219ilor, al \u0218vabilor, al Haiducilor, al Str\u0103zii-Mari, al Ora\u0219ului-Nou, al Evreilor \u0219i al \u021aiganilor, av\u00e2nd magistraturi aparte pe cartiere (Judele, notarul \u0219i un func\u021bionar), iar \u021biganii aveau un voievod. Tot \u00een secolul al XVIII-lea sunt aminti\u021bi \u0219i nobilii curiali, cum erau familiile Vaday \u0219i Tompe, care aveau propriet\u0103\u021bi \u00een ora\u0219. Familiile Csiszar, Fekete, Jasztrabszky, Irinyi, Luby, Medc, Szaploncai \u0219i Suhanyi, erau nobili inscrip\u021bionali, afl\u00e2ndu-se sub jurisdic\u021bie nobiliar\u0103. Deci, ora\u0219ul avea un caracter agricol (marea majoritate erau iobagi \u0219i jeleri), se dezvolt\u0103 comer\u021bul \u0219i me\u0219te\u0219ugurile. \u00cen anul <a title=\"1784\" href=\"https:\/\/ro.wikipedia.org\/wiki\/1784\">1784<\/a> \u00een ora\u0219 existau 370 de meseria\u0219i care practicau 54 de meserii \u0219i erau uni\u021bi \u00een bresle me\u0219te\u0219ug\u0103re\u0219ti.<\/p>\n<p>\u00cen anul <a title=\"1727\" href=\"https:\/\/ro.wikipedia.org\/wiki\/1727\">1727<\/a> \u00ee\u0219i \u00eencepe activitatea gimnaziul piari\u0219tilor; primul director a fost Bentsik Gabor, iar ultimul &#8211; \u00een anul <a title=\"1948\" href=\"https:\/\/ro.wikipedia.org\/wiki\/1948\">1948<\/a> &#8211; Kovacs Bela. \u00cen <a title=\"1754\" href=\"https:\/\/ro.wikipedia.org\/wiki\/1754\">1754<\/a> contele Karolyi Ferenc \u00eenfiin\u021beaz\u0103 \u00een ora\u0219 prima tipografie a comitatului Satmar, iar \u00een anul <a title=\"1765\" href=\"https:\/\/ro.wikipedia.org\/wiki\/1765\">1765<\/a> se deschide prima farmacie a ora\u0219ului (farmacia Jclinek). Dintre evenimentele secolului al XVIII-lea consemn\u0103m arderea pe rug, la Carei, a ultimelor vr\u0103jitoare. \u00cen anul <a title=\"1730\" href=\"https:\/\/ro.wikipedia.org\/wiki\/1730\">1730<\/a> Toth Borka din localitatea Sarollyan a fost condamnat\u0103 la moarte \u0219i ars\u0103 pe rug la Carei, iar \u00een anul <a title=\"1745\" href=\"https:\/\/ro.wikipedia.org\/wiki\/1745\">1745<\/a> vr\u0103jitoarele Rekettye Pila \u0219i Varga Anna din comuna Csaszlo, au fost interogate \u0219i supuse la chinuri groaznice, condamnate la moarte \u0219i arse pe rug \u00een ora\u0219. \u00cen secolul al XIX-lea se continu\u0103 dezvoltarea \u0219i urbanizarea ora\u0219ului. Dup\u0103 revolu\u021bia de la <a title=\"1848\" href=\"https:\/\/ro.wikipedia.org\/wiki\/1848\">1848<\/a> ora\u0219ul prime\u0219te statut organizat, care intr\u0103 \u00een vigoare \u00een anul <a title=\"1876\" href=\"https:\/\/ro.wikipedia.org\/wiki\/1876\">1876<\/a>, c\u00e2nd Hegedus Jozsef devine cel dint\u00e2i primar al ora\u0219ului. Sigiliul \u0219i stema ora\u0219ului dateaz\u0103 din <a title=\"1848\" href=\"https:\/\/ro.wikipedia.org\/wiki\/1848\">1848<\/a>, re\u00eent\u0103rite \u00een <a title=\"1902\" href=\"https:\/\/ro.wikipedia.org\/wiki\/1902\">1902<\/a> \u0219i <a title=\"1907\" href=\"https:\/\/ro.wikipedia.org\/wiki\/1907\">1907<\/a> de \u00eemp\u0103ratul Franz Josef. \u00cen anii <a title=\"1920\" href=\"https:\/\/ro.wikipedia.org\/wiki\/1920\">1920<\/a> se constitute \u00een ora\u0219 noi cartiere: cartierul Petre\u0219ti, Tireamului, C\u0103plenilor, se populeaz\u0103 c\u0103tunul Galambo\u0219, <i>Tiszlviselo-telep<\/i> (str. Nicolae Iorga) cu locuin\u021bele func\u021bionarilor din ora\u0219. P\u00e2n\u0103 \u00een secolul al XVI-lea popula\u021bia ora\u0219ului a fost maghiar\u0103, dar tabloul etnic se va schimba \u00een urma coloniz\u0103rilor \u0219i a mi\u0219c\u0103rii popula\u021biei. Astfel, \u00een anul <a title=\"1779\" href=\"https:\/\/ro.wikipedia.org\/wiki\/1779\">1779<\/a> \u00een domeniul &#8220;Karoly Mezo Varos&#8221; al contelui Karolyi Antal, compozi\u021bia etnic\u0103 a popula\u021biei se prezint\u0103 astfel: &#8220;Natio maghiar, rus, rom\u00e2n, evrei, \u0219vab, german. Gospodari cu locuin\u021b\u0103 proprie 939, \u00een cartierul Haiducilor 72, tot acolo jelerii 20, evreii au 32 de case. Suma 1063&#8221;.<\/p>\n<p>De\u0219i \u00een perioada <a title=\"1760\" href=\"https:\/\/ro.wikipedia.org\/wiki\/1760\">1760<\/a>&#8211;<a title=\"1926\" href=\"https:\/\/ro.wikipedia.org\/wiki\/1926\">1926<\/a> Carei este centrul comitatului <a title=\"Satu Mare\" href=\"https:\/\/ro.wikipedia.org\/wiki\/Satu_Mare\">Satu Mare<\/a>, ora\u0219ul cunoa\u0219te o slab\u0103 dezvoltare industrial\u0103, men\u021bin\u00e2ndu-\u0219i caracterul agricol p\u00e2n\u0103 \u00een jurul anului <a title=\"1960\" href=\"https:\/\/ro.wikipedia.org\/wiki\/1960\">1960<\/a>. \u00cen anul <a title=\"1926\" href=\"https:\/\/ro.wikipedia.org\/wiki\/1926\">1926<\/a> a fost ata\u0219at <a title=\"Jude\u021bul S\u0103laj\" href=\"https:\/\/ro.wikipedia.org\/wiki\/Jude%C8%9Bul_S%C4%83laj\">jude\u021bului S\u0103laj<\/a>.<\/p>\n<p>\u00cen urma <a title=\"Dictatul de la Viena\" href=\"https:\/\/ro.wikipedia.org\/wiki\/Dictatul_de_la_Viena\">Dictatului de la Viena<\/a> de la <a title=\"30 august\" href=\"https:\/\/ro.wikipedia.org\/wiki\/30_august\">30 august<\/a> <a title=\"1940\" href=\"https:\/\/ro.wikipedia.org\/wiki\/1940\">1940<\/a>, ora\u0219ul intr\u0103 sub administra\u021bia <a title=\"Regatul Ungariei (1920\u20131944)\" href=\"https:\/\/ro.wikipedia.org\/wiki\/Regatul_Ungariei_%281920%E2%80%931944%29\">Ungariei horthyste<\/a>, fiind eliberat \u00een urma <a title=\"B\u0103t\u0103lia de la Carei\" href=\"https:\/\/ro.wikipedia.org\/wiki\/B%C4%83t%C4%83lia_de_la_Carei\">B\u0103t\u0103liei de la Carei<\/a> la <a title=\"25 octombrie\" href=\"https:\/\/ro.wikipedia.org\/wiki\/25_octombrie\">25 octombrie<\/a> <a title=\"1944\" href=\"https:\/\/ro.wikipedia.org\/wiki\/1944\">1944<\/a> (<a title=\"Ziua Armatei Rom\u00e2ne\" href=\"https:\/\/ro.wikipedia.org\/wiki\/Ziua_Armatei_Rom%C3%A2ne\">Ziua Armatei Rom\u00e2ne<\/a>).<\/p>\n","protected":false},"excerpt":{"rendered":"<p>Numele ora\u0219ului (villa Karul) apare \u00eentr-un document datat din 1320, dar \u00eentemeierea localit\u0103\u021bii este anterioar\u0103 acestei date. \u00cen secolul al XIV-lea localitatea era o a\u0219ezare mic\u0103, cu c\u00e2teva str\u0103du\u021be, casele \u021b\u0103ranilor fiind<a class=\"moretag\" href=\"http:\/\/parcindustrialnordcarei.ro\/en\/istoric\/\">Read More&#8230;<\/a><\/p>\n","protected":false},"author":1,"featured_media":0,"parent":0,"menu_order":0,"comment_status":"closed","ping_status":"closed","template":"","meta":{"footnotes":""},"class_list":["post-113","page","type-page","status-publish","hentry"],"_links":{"self":[{"href":"http:\/\/parcindustrialnordcarei.ro\/en\/wp-json\/wp\/v2\/pages\/113","targetHints":{"allow":["GET"]}}],"collection":[{"href":"http:\/\/parcindustrialnordcarei.ro\/en\/wp-json\/wp\/v2\/pages"}],"about":[{"href":"http:\/\/parcindustrialnordcarei.ro\/en\/wp-json\/wp\/v2\/types\/page"}],"author":[{"embeddable":true,"href":"http:\/\/parcindustrialnordcarei.ro\/en\/wp-json\/wp\/v2\/users\/1"}],"replies":[{"embeddable":true,"href":"http:\/\/parcindustrialnordcarei.ro\/en\/wp-json\/wp\/v2\/comments?post=113"}],"version-history":[{"count":1,"href":"http:\/\/parcindustrialnordcarei.ro\/en\/wp-json\/wp\/v2\/pages\/113\/revisions"}],"predecessor-version":[{"id":115,"href":"http:\/\/parcindustrialnordcarei.ro\/en\/wp-json\/wp\/v2\/pages\/113\/revisions\/115"}],"wp:attachment":[{"href":"http:\/\/parcindustrialnordcarei.ro\/en\/wp-json\/wp\/v2\/media?parent=113"}],"curies":[{"name":"wp","href":"https:\/\/api.w.org\/{rel}","templated":true}]}}